{"id":41587,"date":"2026-02-03T16:25:21","date_gmt":"2026-02-03T15:25:21","guid":{"rendered":"https:\/\/balearichomemallorca.com\/?post_type=estate_property&#038;p=41587"},"modified":"2026-02-03T16:43:35","modified_gmt":"2026-02-03T15:43:35","slug":"designer-apartment-in-der-altstadt-von-palma","status":"publish","type":"estate_property","link":"https:\/\/balearichomemallorca.com\/de\/properties\/designer-apartment-in-der-altstadt-von-palma\/","title":{"rendered":"Designer-Apartment in der Altstadt von Palma"},"content":{"rendered":"\n<p>Diese bezaubernde Immobilie befindet sich in der N\u00e4he der Rambla, in einer sehr ruhigen Stra\u00dfe. Sie ist Teil einer Gemeinschaft von 10 Nachbarn in einem historischen Geb\u00e4ude ohne Aufzug (obwohl die M\u00f6glichkeit besteht, einen Aufzug einzubauen, was bereits von den Nachbarn genehmigt wurde).<\/p>\n\n\n\n<p>Die Wohnung wurde sorgf\u00e4ltig renoviert, wobei hochwertige Materialien verwendet und jedes Detail in Bezug auf Design und Komfort ber\u00fccksichtigt wurde.<\/p>\n\n\n\n<p>Sie hat eine Fl\u00e4che von ca. 160 m\u00b2, einschlie\u00dflich eines Abstellraums, der diese Immobilie vervollst\u00e4ndigt, und besteht aus einem ger\u00e4umigen und sch\u00f6nen Eingangsbereich, einem hellen Wohnzimmer mit Essbereich und offener K\u00fcche, zwei Schlafzimmern, einem dritten Schlafzimmer, das als Wohnzimmer genutzt wird, einem kleinen B\u00fcro und drei Badezimmern.<\/p>\n\n\n\n<p>Einige der Merkmale dieser charmanten Immobilie sind:<\/p>\n\n\n\n<p>\u2022 Klimaanlage mit Heizfunktion<\/p>\n\n\n\n<p>\u2022 Designerk\u00fcche mit Miele-Ger\u00e4ten, Bora-Kochfeld, Quooker-Wasserhahn (Spender f\u00fcr kohlens\u00e4urehaltiges, gekochtes und gefiltertes kaltes Wasser), Arbeitsplatte aus poliertem Patagonia-Quarzstein.<\/p>\n\n\n\n<p>\u2022 Hauptschlafzimmer mit offenem Badezimmer, das eine Badewanne, einen Duschbereich mit marokkanischen Zellige-Fliesen, ikonische Armaturen, ein Doppelwaschbecken und eine intelligente Toilette umfasst. Es verf\u00fcgt \u00fcber einen separaten Ankleideraum und einen angrenzenden Raum, der sich ideal als B\u00fcro eignet.<\/p>\n\n\n\n<p>\u2022 G\u00e4stetoilette und ein ger\u00e4umiger Wasch-\/B\u00fcgelraum.<\/p>\n\n\n\n<p>\u2022 Kippfenster mit UV-Schutz und integrierten Fliegengittern.<\/p>\n\n\n\n<p>\u2022 Privater Abstellraum auf der gemeinschaftlichen Dachterrasse.<\/p>\n\n\n\n<p>\u2022 Optional kann ein Parkplatz nur wenige Meter von der Wohnung entfernt gemietet werden.<\/p>\n","protected":false},"excerpt":{"rendered":"<p>Diese bezaubernde Immobilie befindet sich in der N\u00e4he der Rambla, in einer sehr ruhigen Stra\u00dfe. Sie ist Teil einer Gemeinschaft von 10 Nachbarn in einem historischen Geb\u00e4ude ohne Aufzug (obwohl die M\u00f6glichkeit besteht, einen Aufzug einzubauen, was bereits von den Nachbarn genehmigt wurde). Die Wohnung wurde sorgf\u00e4ltig renoviert, wobei hochwertige Materialien verwendet und jedes Detail in Bezug auf Design und Komfort ber\u00fccksichtigt wurde. Sie &#8230;<\/p>\n","protected":false},"featured_media":41561,"comment_status":"open","ping_status":"closed","template":"","property_category":[310],"property_action_category":[193],"property_city":[311],"property_area":[194],"property_county_state":[380],"property_features":[],"property_status":[],"class_list":["post-41587","estate_property","type-estate_property","status-publish","has-post-thumbnail","hentry","property_category-wohnungen","property_action_category-verkauf","property_city-palma-de","property_area-mallorca-de","property_county_state-spain"],"yoast_head":"<!-- This site is optimized with the Yoast SEO plugin v23.0 - https:\/\/yoast.com\/wordpress\/plugins\/seo\/ -->\n<title>Designer-Apartment in der Altstadt von Palma - Boutique-Immobilien. Ihre ma\u00dfgeschneiderten Dienstleistungen<\/title>\n<meta name=\"robots\" content=\"index, follow, max-snippet:-1, max-image-preview:large, max-video-preview:-1\" \/>\n<link rel=\"canonical\" href=\"https:\/\/balearichomemallorca.com\/de\/properties\/designer-apartment-in-der-altstadt-von-palma\/\" \/>\n<meta property=\"og:locale\" content=\"de_DE\" \/>\n<meta property=\"og:type\" content=\"article\" \/>\n<meta property=\"og:title\" content=\"Designer-Apartment in der Altstadt von Palma - Boutique-Immobilien. Ihre ma\u00dfgeschneiderten Dienstleistungen\" \/>\n<meta property=\"og:description\" content=\"Diese bezaubernde Immobilie befindet sich in der N\u00e4he der Rambla, in einer sehr ruhigen Stra\u00dfe. Sie ist Teil einer Gemeinschaft von 10 Nachbarn in einem historischen Geb\u00e4ude ohne Aufzug (obwohl die M\u00f6glichkeit besteht, einen Aufzug einzubauen, was bereits von den Nachbarn genehmigt wurde). Die Wohnung wurde sorgf\u00e4ltig renoviert, wobei hochwertige Materialien verwendet und jedes Detail in Bezug auf Design und Komfort ber\u00fccksichtigt wurde. Sie ...\" \/>\n<meta property=\"og:url\" content=\"https:\/\/balearichomemallorca.com\/de\/properties\/designer-apartment-in-der-altstadt-von-palma\/\" \/>\n<meta property=\"og:site_name\" content=\"Boutique-Immobilien. Ihre ma\u00dfgeschneiderten Dienstleistungen\" \/>\n<meta property=\"article:modified_time\" content=\"2026-02-03T15:43:35+00:00\" \/>\n<meta property=\"og:image\" content=\"https:\/\/balearichomemallorca.com\/wp-content\/uploads\/2026\/02\/Mark00027.jpeg\" \/>\n\t<meta property=\"og:image:width\" content=\"1519\" \/>\n\t<meta property=\"og:image:height\" content=\"1013\" \/>\n\t<meta property=\"og:image:type\" content=\"image\/jpeg\" \/>\n<meta name=\"twitter:card\" content=\"summary_large_image\" \/>\n<meta name=\"twitter:label1\" content=\"Gesch\u00e4tzte Lesezeit\" \/>\n\t<meta name=\"twitter:data1\" content=\"2\u00a0Minuten\" \/>\n<script type=\"application\/ld+json\" class=\"yoast-schema-graph\">{\"@context\":\"https:\/\/schema.org\",\"@graph\":[{\"@type\":\"WebPage\",\"@id\":\"https:\/\/balearichomemallorca.com\/de\/properties\/designer-apartment-in-der-altstadt-von-palma\/\",\"url\":\"https:\/\/balearichomemallorca.com\/de\/properties\/designer-apartment-in-der-altstadt-von-palma\/\",\"name\":\"Designer-Apartment in der Altstadt von Palma - Boutique-Immobilien. Ihre ma\u00dfgeschneiderten Dienstleistungen\",\"isPartOf\":{\"@id\":\"https:\/\/balearichomemallorca.com\/de\/#website\"},\"primaryImageOfPage\":{\"@id\":\"https:\/\/balearichomemallorca.com\/de\/properties\/designer-apartment-in-der-altstadt-von-palma\/#primaryimage\"},\"image\":{\"@id\":\"https:\/\/balearichomemallorca.com\/de\/properties\/designer-apartment-in-der-altstadt-von-palma\/#primaryimage\"},\"thumbnailUrl\":\"https:\/\/balearichomemallorca.com\/wp-content\/uploads\/2026\/02\/Mark00027.jpeg\",\"datePublished\":\"2026-02-03T15:25:21+00:00\",\"dateModified\":\"2026-02-03T15:43:35+00:00\",\"breadcrumb\":{\"@id\":\"https:\/\/balearichomemallorca.com\/de\/properties\/designer-apartment-in-der-altstadt-von-palma\/#breadcrumb\"},\"inLanguage\":\"de\",\"potentialAction\":[{\"@type\":\"ReadAction\",\"target\":[\"https:\/\/balearichomemallorca.com\/de\/properties\/designer-apartment-in-der-altstadt-von-palma\/\"]}]},{\"@type\":\"ImageObject\",\"inLanguage\":\"de\",\"@id\":\"https:\/\/balearichomemallorca.com\/de\/properties\/designer-apartment-in-der-altstadt-von-palma\/#primaryimage\",\"url\":\"https:\/\/balearichomemallorca.com\/wp-content\/uploads\/2026\/02\/Mark00027.jpeg\",\"contentUrl\":\"https:\/\/balearichomemallorca.com\/wp-content\/uploads\/2026\/02\/Mark00027.jpeg\",\"width\":1519,\"height\":1013},{\"@type\":\"BreadcrumbList\",\"@id\":\"https:\/\/balearichomemallorca.com\/de\/properties\/designer-apartment-in-der-altstadt-von-palma\/#breadcrumb\",\"itemListElement\":[{\"@type\":\"ListItem\",\"position\":1,\"name\":\"Home\",\"item\":\"https:\/\/balearichomemallorca.com\/de\/\"},{\"@type\":\"ListItem\",\"position\":2,\"name\":\"Eigenschaften\",\"item\":\"https:\/\/balearichomemallorca.com\/de\/properties\/\"},{\"@type\":\"ListItem\",\"position\":3,\"name\":\"Designer-Apartment in der Altstadt von Palma\"}]},{\"@type\":\"WebSite\",\"@id\":\"https:\/\/balearichomemallorca.com\/de\/#website\",\"url\":\"https:\/\/balearichomemallorca.com\/de\/\",\"name\":\"Boutique-Immobilien. Ihre ma\u00dfgeschneiderten Dienstleistungen\",\"description\":\"Your real estate agency to find the best options in the Balearic Islands.\",\"publisher\":{\"@id\":\"https:\/\/balearichomemallorca.com\/de\/#organization\"},\"potentialAction\":[{\"@type\":\"SearchAction\",\"target\":{\"@type\":\"EntryPoint\",\"urlTemplate\":\"https:\/\/balearichomemallorca.com\/de\/?s={search_term_string}\"},\"query-input\":\"required name=search_term_string\"}],\"inLanguage\":\"de\"},{\"@type\":\"Organization\",\"@id\":\"https:\/\/balearichomemallorca.com\/de\/#organization\",\"name\":\"Balearic Home Mallorca\",\"url\":\"https:\/\/balearichomemallorca.com\/de\/\",\"logo\":{\"@type\":\"ImageObject\",\"inLanguage\":\"de\",\"@id\":\"https:\/\/balearichomemallorca.com\/de\/#\/schema\/logo\/image\/\",\"url\":\"https:\/\/balearichomemallorca.com\/wp-content\/uploads\/2022\/10\/BALEARIC_logo_main.png\",\"contentUrl\":\"https:\/\/balearichomemallorca.com\/wp-content\/uploads\/2022\/10\/BALEARIC_logo_main.png\",\"width\":759,\"height\":262,\"caption\":\"Balearic Home Mallorca\"},\"image\":{\"@id\":\"https:\/\/balearichomemallorca.com\/de\/#\/schema\/logo\/image\/\"}}]}<\/script>\n<!-- \/ Yoast SEO plugin. -->","yoast_head_json":{"title":"Designer-Apartment in der Altstadt von Palma - Boutique-Immobilien. Ihre ma\u00dfgeschneiderten Dienstleistungen","robots":{"index":"index","follow":"follow","max-snippet":"max-snippet:-1","max-image-preview":"max-image-preview:large","max-video-preview":"max-video-preview:-1"},"canonical":"https:\/\/balearichomemallorca.com\/de\/properties\/designer-apartment-in-der-altstadt-von-palma\/","og_locale":"de_DE","og_type":"article","og_title":"Designer-Apartment in der Altstadt von Palma - Boutique-Immobilien. Ihre ma\u00dfgeschneiderten Dienstleistungen","og_description":"Diese bezaubernde Immobilie befindet sich in der N\u00e4he der Rambla, in einer sehr ruhigen Stra\u00dfe. Sie ist Teil einer Gemeinschaft von 10 Nachbarn in einem historischen Geb\u00e4ude ohne Aufzug (obwohl die M\u00f6glichkeit besteht, einen Aufzug einzubauen, was bereits von den Nachbarn genehmigt wurde). Die Wohnung wurde sorgf\u00e4ltig renoviert, wobei hochwertige Materialien verwendet und jedes Detail in Bezug auf Design und Komfort ber\u00fccksichtigt wurde. Sie ...","og_url":"https:\/\/balearichomemallorca.com\/de\/properties\/designer-apartment-in-der-altstadt-von-palma\/","og_site_name":"Boutique-Immobilien. Ihre ma\u00dfgeschneiderten Dienstleistungen","article_modified_time":"2026-02-03T15:43:35+00:00","og_image":[{"width":1519,"height":1013,"url":"https:\/\/balearichomemallorca.com\/wp-content\/uploads\/2026\/02\/Mark00027.jpeg","type":"image\/jpeg"}],"twitter_card":"summary_large_image","twitter_misc":{"Gesch\u00e4tzte Lesezeit":"2\u00a0Minuten"},"schema":{"@context":"https:\/\/schema.org","@graph":[{"@type":"WebPage","@id":"https:\/\/balearichomemallorca.com\/de\/properties\/designer-apartment-in-der-altstadt-von-palma\/","url":"https:\/\/balearichomemallorca.com\/de\/properties\/designer-apartment-in-der-altstadt-von-palma\/","name":"Designer-Apartment in der Altstadt von Palma - Boutique-Immobilien. Ihre ma\u00dfgeschneiderten Dienstleistungen","isPartOf":{"@id":"https:\/\/balearichomemallorca.com\/de\/#website"},"primaryImageOfPage":{"@id":"https:\/\/balearichomemallorca.com\/de\/properties\/designer-apartment-in-der-altstadt-von-palma\/#primaryimage"},"image":{"@id":"https:\/\/balearichomemallorca.com\/de\/properties\/designer-apartment-in-der-altstadt-von-palma\/#primaryimage"},"thumbnailUrl":"https:\/\/balearichomemallorca.com\/wp-content\/uploads\/2026\/02\/Mark00027.jpeg","datePublished":"2026-02-03T15:25:21+00:00","dateModified":"2026-02-03T15:43:35+00:00","breadcrumb":{"@id":"https:\/\/balearichomemallorca.com\/de\/properties\/designer-apartment-in-der-altstadt-von-palma\/#breadcrumb"},"inLanguage":"de","potentialAction":[{"@type":"ReadAction","target":["https:\/\/balearichomemallorca.com\/de\/properties\/designer-apartment-in-der-altstadt-von-palma\/"]}]},{"@type":"ImageObject","inLanguage":"de","@id":"https:\/\/balearichomemallorca.com\/de\/properties\/designer-apartment-in-der-altstadt-von-palma\/#primaryimage","url":"https:\/\/balearichomemallorca.com\/wp-content\/uploads\/2026\/02\/Mark00027.jpeg","contentUrl":"https:\/\/balearichomemallorca.com\/wp-content\/uploads\/2026\/02\/Mark00027.jpeg","width":1519,"height":1013},{"@type":"BreadcrumbList","@id":"https:\/\/balearichomemallorca.com\/de\/properties\/designer-apartment-in-der-altstadt-von-palma\/#breadcrumb","itemListElement":[{"@type":"ListItem","position":1,"name":"Home","item":"https:\/\/balearichomemallorca.com\/de\/"},{"@type":"ListItem","position":2,"name":"Eigenschaften","item":"https:\/\/balearichomemallorca.com\/de\/properties\/"},{"@type":"ListItem","position":3,"name":"Designer-Apartment in der Altstadt von Palma"}]},{"@type":"WebSite","@id":"https:\/\/balearichomemallorca.com\/de\/#website","url":"https:\/\/balearichomemallorca.com\/de\/","name":"Boutique-Immobilien. Ihre ma\u00dfgeschneiderten Dienstleistungen","description":"Your real estate agency to find the best options in the Balearic Islands.","publisher":{"@id":"https:\/\/balearichomemallorca.com\/de\/#organization"},"potentialAction":[{"@type":"SearchAction","target":{"@type":"EntryPoint","urlTemplate":"https:\/\/balearichomemallorca.com\/de\/?s={search_term_string}"},"query-input":"required name=search_term_string"}],"inLanguage":"de"},{"@type":"Organization","@id":"https:\/\/balearichomemallorca.com\/de\/#organization","name":"Balearic Home Mallorca","url":"https:\/\/balearichomemallorca.com\/de\/","logo":{"@type":"ImageObject","inLanguage":"de","@id":"https:\/\/balearichomemallorca.com\/de\/#\/schema\/logo\/image\/","url":"https:\/\/balearichomemallorca.com\/wp-content\/uploads\/2022\/10\/BALEARIC_logo_main.png","contentUrl":"https:\/\/balearichomemallorca.com\/wp-content\/uploads\/2022\/10\/BALEARIC_logo_main.png","width":759,"height":262,"caption":"Balearic Home Mallorca"},"image":{"@id":"https:\/\/balearichomemallorca.com\/de\/#\/schema\/logo\/image\/"}}]}},"_links":{"self":[{"href":"https:\/\/balearichomemallorca.com\/de\/wp-json\/wp\/v2\/estate_property\/41587","targetHints":{"allow":["GET"]}}],"collection":[{"href":"https:\/\/balearichomemallorca.com\/de\/wp-json\/wp\/v2\/estate_property"}],"about":[{"href":"https:\/\/balearichomemallorca.com\/de\/wp-json\/wp\/v2\/types\/estate_property"}],"replies":[{"embeddable":true,"href":"https:\/\/balearichomemallorca.com\/de\/wp-json\/wp\/v2\/comments?post=41587"}],"wp:featuredmedia":[{"embeddable":true,"href":"https:\/\/balearichomemallorca.com\/de\/wp-json\/wp\/v2\/media\/41561"}],"wp:attachment":[{"href":"https:\/\/balearichomemallorca.com\/de\/wp-json\/wp\/v2\/media?parent=41587"}],"wp:term":[{"taxonomy":"property_category","embeddable":true,"href":"https:\/\/balearichomemallorca.com\/de\/wp-json\/wp\/v2\/property_category?post=41587"},{"taxonomy":"property_action_category","embeddable":true,"href":"https:\/\/balearichomemallorca.com\/de\/wp-json\/wp\/v2\/property_action_category?post=41587"},{"taxonomy":"property_city","embeddable":true,"href":"https:\/\/balearichomemallorca.com\/de\/wp-json\/wp\/v2\/property_city?post=41587"},{"taxonomy":"property_area","embeddable":true,"href":"https:\/\/balearichomemallorca.com\/de\/wp-json\/wp\/v2\/property_area?post=41587"},{"taxonomy":"property_county_state","embeddable":true,"href":"https:\/\/balearichomemallorca.com\/de\/wp-json\/wp\/v2\/property_county_state?post=41587"},{"taxonomy":"property_features","embeddable":true,"href":"https:\/\/balearichomemallorca.com\/de\/wp-json\/wp\/v2\/property_features?post=41587"},{"taxonomy":"property_status","embeddable":true,"href":"https:\/\/balearichomemallorca.com\/de\/wp-json\/wp\/v2\/property_status?post=41587"}],"curies":[{"name":"wp","href":"https:\/\/api.w.org\/{rel}","templated":true}]}}